{"id":142,"date":"2014-10-28T08:04:41","date_gmt":"2014-10-28T08:04:41","guid":{"rendered":"http:\/\/cleanco.detheme.com\/?page_id=142"},"modified":"2024-11-06T11:59:45","modified_gmt":"2024-11-06T11:59:45","slug":"quem-somos","status":"publish","type":"page","link":"https:\/\/valedorosmaninho.com\/es\/quem-somos\/","title":{"rendered":"Quienes somos"},"content":{"rendered":"[vc_row fullwidth=&#8221;true&#8221; fullwidth_content=&#8221;false&#8221; expanded=&#8221;2&#8243; background_style=&#8221;cover&#8221; font_color=&#8221;#ffffff&#8221; css=&#8221;.vc_custom_1630258802571{margin-top: -65px !important;margin-bottom: 0px !important;padding-top: 70px !important;padding-bottom: 70px !important;background-color: #35495d !important;background-position: center !important;background-repeat: no-repeat !important;background-size: cover !important;}&#8221;][vc_column][vc_empty_space height=&#8221;22px&#8221;][vc_row_inner][vc_column_inner width=&#8221;1\/2&#8243;][vc_column_text css=&#8221;.vc_custom_1730721760886{margin-bottom: 0px !important;}&#8221;]<span style=\"color: #ffffff;\">VALE DO ROSMANINHO naci\u00f3 de forma natural cuando Jo\u00e3o Tom\u00e9, Ingeniero Agroforestal de profesi\u00f3n, sinti\u00f3 la necesidad de compartir en su blog sus experiencias como apicultor aficionado, valedorosmaninho.blogspot.com <\/span><\/p>\n<p><span style=\"color: #ffffff;\">La pasi\u00f3n por las abejas y reinas es una herencia familiar, pues su padre tambi\u00e9n es apicultor y ya desde ni\u00f1o lo ayudaba a buscar enjambres, limpiar cuadros, etc. Nace ah\u00ed, en ese tiempo, la fascinaci\u00f3n por las reinas, cuando ayudaba a su padre a pasar los enjambres a las cajas, siendo siempre un desaf\u00edo y un momento \u00fanico conseguir ver a la reina entrar a la caja nueva.<\/span><\/p>\n<p><span style=\"color: #ffffff;\">A lo largo de varios a\u00f1os comparti\u00f3 en su blog sus experiencias ap\u00edcolas, principalmente en la cr\u00eda y selecci\u00f3n de abejas reinas, un \u00e1rea que siempre le despert\u00f3 una gran curiosidad y entusiasmo. <\/span><\/p>\n<p><span style=\"color: #ffffff;\">La profesi\u00f3n que ejerce fue siempre bastante exigente y de gran responsabilidad, se especializ\u00f3 y trabaj\u00f3 en Estados Unidos, Australia y \u00c1frica del Sur en prevenci\u00f3n y combate a los incendios rurales, teniendo una gran pasi\u00f3n en esta \u00e1rea. <\/span><\/p>\n<p><span style=\"color: #ffffff;\">Vale do Rosmaninho es en este momento sin\u00f3nimo de experiencia y conocimiento, basado en diversas experiencias internacionales de gran nivel, permitiendo garantizar un elevado rigor y calidad en el material vivo que produce y comercializa. Se destacan las siguientes experiencias: <\/span>[\/vc_column_text][\/vc_column_inner][vc_column_inner width=&#8221;1\/2&#8243;][vc_single_image image=&#8221;1000098&#8243; img_size=&#8221;540&#215;610&#8243; alignment=&#8221;center&#8221;][\/vc_column_inner][\/vc_row_inner][\/vc_column][\/vc_row][vc_row fullwidth=&#8221;true&#8221; fullwidth_content=&#8221;false&#8221; expanded=&#8221;2&#8243; background_style=&#8221;cover&#8221; font_color=&#8221;#ffffff&#8221; css=&#8221;.vc_custom_1630258802571{margin-top: -65px !important;margin-bottom: 0px !important;padding-top: 70px !important;padding-bottom: 70px !important;background-color: #35495d !important;background-position: center !important;background-repeat: no-repeat !important;background-size: cover !important;}&#8221;][vc_column]<div class=\"smile-icon-timeline-wrap csstime   tl-animation-slide-up\"   data-time_block_bg_color=\"#ffffff\" data-time_sep_color=\"#ffffff\" style=\"\"><div class=\"timeline-line \" style=\"border-right-color:#7fe7ff;\"><span><\/span><\/div><div class=\"timeline-wrapper\"><div class=\"timeline-block \"><div class=\"timeline-dot\"><\/div><div class=\"ult-timeline-arrow\"><s><\/s><l><\/l><\/div><div class=\"timeline-icon-block\"><div class=\"ult-timeline-icon tl-icon-no-bg\" style=\"   \"><\/div> <!-- icon --><\/div><div class=\"timeline-header-block\" >\r\n\t\t\t\t\t\t\t<div id=\"timeline-item-7976\" class=\"timeline-header\" style=\"\"><h3 class=\"ult-timeline-title ult-responsive\"  data-ultimate-target='#timeline-item-7976 .ult-timeline-title'  data-responsive-json-new='{\"font-size\":\"desktop:21px;\",\"line-height\":\"desktop:26px;\"}'  style=\"font-weight:bold;color:#304a60;\">2009<\/h3><div class=\"ult-responsive timeline-item-spt\"  data-ultimate-target='#timeline-item-7976 .timeline-item-spt'  data-responsive-json-new='{\"font-size\":\"desktop:17px;\",\"line-height\":\"desktop:23px;\"}'  style=\"color:#000000;\">Curso de crianza de reinas (35 horas), en la Asociaci\u00f3n de Apicultores del Alto Alentejo. Apilegre.<br \/>\n<\/div><\/div> <!-- header --><\/div><\/div><div class=\"timeline-block \"><div class=\"timeline-dot\"><\/div><div class=\"ult-timeline-arrow\"><s><\/s><l><\/l><\/div><div class=\"timeline-icon-block\"><div class=\"ult-timeline-icon tl-icon-no-bg\" style=\"   \"><\/div> <!-- icon --><\/div><div class=\"timeline-header-block\" >\r\n\t\t\t\t\t\t\t<div id=\"timeline-item-5927\" class=\"timeline-header\" style=\"\"><h3 class=\"ult-timeline-title ult-responsive\"  data-ultimate-target='#timeline-item-5927 .ult-timeline-title'  data-responsive-json-new='{\"font-size\":\"desktop:21px;\",\"line-height\":\"desktop:26px;\"}'  style=\"font-weight:bold;color:#304a60;\">2012<\/h3><div class=\"ult-responsive timeline-item-spt\"  data-ultimate-target='#timeline-item-5927 .timeline-item-spt'  data-responsive-json-new='{\"font-size\":\"desktop:17px;\",\"line-height\":\"desktop:23px;\"}'  style=\"color:#000000;\">Visita a la granja profesional de cr\u00eda de reinas de Gilles Fert, en Francia, uno de los criadores de reinas m\u00e1s grandes de Europa.<\/div><\/div> <!-- header --><\/div><\/div><div class=\"timeline-block \"><div class=\"timeline-dot\"><\/div><div class=\"ult-timeline-arrow\"><s><\/s><l><\/l><\/div><div class=\"timeline-icon-block\"><div class=\"ult-timeline-icon tl-icon-no-bg\" style=\"   \"><\/div> <!-- icon --><\/div><div class=\"timeline-header-block\" >\r\n\t\t\t\t\t\t\t<div id=\"timeline-item-2494\" class=\"timeline-header\" style=\"\"><h3 class=\"ult-timeline-title ult-responsive\"  data-ultimate-target='#timeline-item-2494 .ult-timeline-title'  data-responsive-json-new='{\"font-size\":\"desktop:21px;\",\"line-height\":\"desktop:26px;\"}'  style=\"font-weight:bold;color:#304a60;\">2013<\/h3><div class=\"ult-responsive timeline-item-spt\"  data-ultimate-target='#timeline-item-2494 .timeline-item-spt'  data-responsive-json-new='{\"font-size\":\"desktop:17px;\",\"line-height\":\"desktop:23px;\"}'  style=\"color:#000000;\">Visita y voluntariado durante una semana en la granja profesional de reinas Orosman Burgue\u00f1o, en Espa\u00f1a, una de las criadoras de reinas m\u00e1s grandes de Europa.<\/p>\n<p><span style=\"color: #ffffff;\">.<\/span><\/p>\n<p>Participaci\u00f3n en APIMONDIA en Ucrania.<\/p>\n<\/div><\/div> <!-- header --><\/div><\/div><div class=\"timeline-block \"><div class=\"timeline-dot\"><\/div><div class=\"ult-timeline-arrow\"><s><\/s><l><\/l><\/div><div class=\"timeline-icon-block\"><div class=\"ult-timeline-icon tl-icon-no-bg\" style=\"   \"><\/div> <!-- icon --><\/div><div class=\"timeline-header-block\" >\r\n\t\t\t\t\t\t\t<div id=\"timeline-item-7651\" class=\"timeline-header\" style=\"\"><h3 class=\"ult-timeline-title ult-responsive\"  data-ultimate-target='#timeline-item-7651 .ult-timeline-title'  data-responsive-json-new='{\"font-size\":\"desktop:21px;\",\"line-height\":\"desktop:26px;\"}'  style=\"font-weight:bold;color:#304a60;\">2015<\/h3><div class=\"ult-responsive timeline-item-spt\"  data-ultimate-target='#timeline-item-7651 .timeline-item-spt'  data-responsive-json-new='{\"font-size\":\"desktop:17px;\",\"line-height\":\"desktop:23px;\"}'  style=\"color:#000000;\">Viaje durante 15 d\u00edas a California (EE.UU.), habiendo visitado 7 de las granjas de cr\u00eda de reinas m\u00e1s grandes del mundo, incluida la visita a la m\u00e1s grande del mundo propiedad de Ray Olivarez, que cr\u00eda 270 mil reinas fecundadas al a\u00f1o, entre California y Hawaii.<\/p>\n<p><span style=\"color: #ffffff;\">.<\/span><\/p>\n<p>Invitaci\u00f3n del Dr. Alice Pinto de IPCB participando en el proyecto internacional alem\u00e1n&#8221;<a href=\"https:\/\/www.smartbees-fp7.eu\/\" target=\"_blank\" rel=\"noopener\">SMART BEES<\/a>&#8221; (http:\/\/www.smartbees-fp7.eu\/). Una protecci\u00f3n para la selecci\u00f3n gen\u00e9tica de razas aut\u00f3ctonas, de la que forma parte y cuenta con varias colonias sujetas al proceso de selecci\u00f3n gen\u00e9tica de la raza Apis Mellifera iberiensis.<\/div><\/div> <!-- header --><\/div><\/div><div class=\"timeline-block \"><div class=\"timeline-dot\"><\/div><div class=\"ult-timeline-arrow\"><s><\/s><l><\/l><\/div><div class=\"timeline-icon-block\"><div class=\"ult-timeline-icon tl-icon-no-bg\" style=\"   \"><\/div> <!-- icon --><\/div><div class=\"timeline-header-block\" >\r\n\t\t\t\t\t\t\t<div id=\"timeline-item-3542\" class=\"timeline-header\" style=\"\"><h3 class=\"ult-timeline-title ult-responsive\"  data-ultimate-target='#timeline-item-3542 .ult-timeline-title'  data-responsive-json-new='{\"font-size\":\"desktop:21px;\",\"line-height\":\"desktop:26px;\"}'  style=\"font-weight:bold;color:#304a60;\">2016<\/h3><div class=\"ult-responsive timeline-item-spt\"  data-ultimate-target='#timeline-item-3542 .timeline-item-spt'  data-responsive-json-new='{\"font-size\":\"desktop:17px;\",\"line-height\":\"desktop:23px;\"}'  style=\"color:#000000;\">Viaje a Chile. Visita al criador de reinas \u201cVincent Toledo\u201d y a varios apicultores Chilenos.<\/div><\/div> <!-- header --><\/div><\/div><div class=\"timeline-block \"><div class=\"timeline-dot\"><\/div><div class=\"ult-timeline-arrow\"><s><\/s><l><\/l><\/div><div class=\"timeline-icon-block\"><div class=\"ult-timeline-icon tl-icon-no-bg\" style=\"   \"><\/div> <!-- icon --><\/div><div class=\"timeline-header-block\" >\r\n\t\t\t\t\t\t\t<div id=\"timeline-item-6365\" class=\"timeline-header\" style=\"\"><h3 class=\"ult-timeline-title ult-responsive\"  data-ultimate-target='#timeline-item-6365 .ult-timeline-title'  data-responsive-json-new='{\"font-size\":\"desktop:21px;\",\"line-height\":\"desktop:26px;\"}'  style=\"font-weight:bold;color:#304a60;\">2019<\/h3><div class=\"ult-responsive timeline-item-spt\"  data-ultimate-target='#timeline-item-6365 .timeline-item-spt'  data-responsive-json-new='{\"font-size\":\"desktop:17px;\",\"line-height\":\"desktop:23px;\"}'  style=\"color:#000000;\">Participaci\u00f3n en APIMONDIA Canad\u00e1.<\/p>\n<p><span style=\"color: #ffffff;\">.<\/span><\/p>\n<p>Viaje a Florida (EE.UU.), despu\u00e9s de haber visitado a DAVID MISKA, uno de los mayores y mejores criadores de reinas de los Estados Unidos de Am\u00e9rica, conocido por producir las mejores y m\u00e1s hermosas celdas de reina.<br \/>\n<\/div><\/div> <!-- header --><\/div><\/div><div class=\"timeline-block \"><div class=\"timeline-dot\"><\/div><div class=\"ult-timeline-arrow\"><s><\/s><l><\/l><\/div><div class=\"timeline-icon-block\"><div class=\"ult-timeline-icon tl-icon-no-bg\" style=\"   \"><\/div> <!-- icon --><\/div><div class=\"timeline-header-block\" >\r\n\t\t\t\t\t\t\t<div id=\"timeline-item-1142\" class=\"timeline-header\" style=\"\"><h3 class=\"ult-timeline-title ult-responsive\"  data-ultimate-target='#timeline-item-1142 .ult-timeline-title'  data-responsive-json-new='{\"font-size\":\"desktop:21px;\",\"line-height\":\"desktop:26px;\"}'  style=\"font-weight:bold;color:#304a60;\">2021<\/h3><div class=\"ult-responsive timeline-item-spt\"  data-ultimate-target='#timeline-item-1142 .timeline-item-spt'  data-responsive-json-new='{\"font-size\":\"desktop:17px;\",\"line-height\":\"desktop:23px;\"}'  style=\"color:#000000;\">Inicio del programa de cr\u00eda y selecci\u00f3n gen\u00e9tica de la abeja aut\u00f3ctona Apis mel\u00edfera iberiensis \u201cIb\u00e9rica StarLine\u201d.<\/div><\/div> <!-- header --><\/div><\/div><\/div><\/div>[\/vc_column][\/vc_row][vc_row fullwidth=&#8221;true&#8221; bg_type=&#8221;image&#8221; parallax_style=&#8221;vcpb-vz-jquery&#8221; bg_image_new=&#8221;id^1000035|url^https:\/\/valedorosmaninho.com\/wp-content\/uploads\/2015\/04\/0022.jpg|caption^null|alt^null|title^0022|description^null&#8221; bg_image_repeat=&#8221;no-repeat&#8221; bg_img_attach=&#8221;fixed&#8221; disable_on_mobile_img_parallax=&#8221;disable_on_mobile_img_parallax_value&#8221; expanded=&#8221;2&#8243; background_style=&#8221;fixed&#8221; font_color=&#8221;#ffffff&#8221; background_image=&#8221;1000035&#8243; css=&#8221;.vc_custom_1630260318680{background-color: #304a60 !important;}&#8221;][vc_column][vc_empty_space height=&#8221;70px&#8221;][vc_row_inner][vc_column_inner width=&#8221;1\/4&#8243;][\/vc_column_inner][vc_column_inner width=&#8221;1\/2&#8243; css=&#8221;.vc_custom_1636452798442{padding-right: 5% !important;padding-left: 5% !important;background-color: rgba(48,74,96,0.66) !important;*background-color: rgb(48,74,96) !important;}&#8221;][vc_empty_space height=&#8221;20px&#8221;][vc_column_text css=&#8221;.vc_custom_1730722267036{margin-bottom: 0px !important;}&#8221;]\n<p style=\"text-align: center;\"><strong><span style=\"color: #ffffff;\">La apicultura fue una pasi\u00f3n que madur\u00f3, transformando Vale Do Rosmaninho, que dej\u00f3 de ser un \u201cblog\u201d de apicultura para convertirse en una marca de referencia internacional.<\/span><\/strong><\/p>\n<p style=\"text-align: center;\"><strong><span style=\"color: #ffffff;\">Es una explotaci\u00f3n ap\u00edcola que se ha destacado y especializado en la cr\u00eda y selecci\u00f3n de material vivo, y actualmente se dedica a la selecci\u00f3n de abejas de la raza ib\u00e9rica \u201cApis mell\u00edfera iberiensis\u201d.<\/span><\/strong><\/p>\n<p style=\"text-align: center;\"><strong><span style=\"color: #ffffff;\">Actualmente la finca gestiona alrededor de 2000 colonias de abejas modelo Reversible y Layens, que crecen anualmente y trabajan exclusivamente para la producci\u00f3n de abejas reinas y enjambres.<\/span><\/strong><\/p>\n<p style=\"text-align: center;\"><strong><span style=\"color: #ffffff;\">Jo\u00e3o Tom\u00e9 est\u00e1 casado con T\u00e2nia Pinto, Ingeniera en Alimentos, quien se ocupa de todos los procesos de control de calidad y garant\u00eda del producto.<\/span><\/strong><\/p>\n<p style=\"text-align: center;\"><strong><span style=\"color: #ffffff;\">VALE DO ROSMANINHO, pretende seguir trazando un rumbo en la apicultura ib\u00e9rica, practicando una apicultura moderna y de vanguardia, basada en los mejores conocimientos internacionales. El trabajo que desarrolla se basa en la honestidad y la seriedad, pilares fundamentales que han mantenido la confianza de sus clientes.<\/span><\/strong><\/p>\n[\/vc_column_text][vc_empty_space height=&#8221;35px&#8221;][\/vc_column_inner][vc_column_inner width=&#8221;1\/4&#8243;][\/vc_column_inner][\/vc_row_inner][vc_empty_space height=&#8221;70px&#8221;][\/vc_column][\/vc_row][vc_row background_style=&#8221;cover&#8221;][vc_column][vc_empty_space height=&#8221;50px&#8221;][vc_empty_space height=&#8221;40px&#8221;][vc_column_text align=&#8221;center&#8221; css=&#8221;.vc_custom_1730722293690{margin-bottom: 30px !important;}&#8221;]\n<h3><span style=\"color: #304a60;\">EL EQUIPO&#8230; <\/span><\/h3>\n[\/vc_column_text][vc_empty_space height=&#8221;40px&#8221;][\/vc_column][\/vc_row][vc_row background_style=&#8221;cover&#8221; css=&#8221;.vc_custom_1431894097357{margin-bottom: -50px !important;padding-bottom: 50px !important;}&#8221;][vc_column width=&#8221;7\/12&#8243;][vc_row_inner][vc_column_inner width=&#8221;1\/3&#8243;][vc_single_image image=&#8221;1000075&#8243; img_size=&#8221;full&#8221; alignment=&#8221;center&#8221; style=&#8221;vc_box_circle&#8221; css_animation=&#8221;appear&#8221; el_class=&#8221;circle-image&#8221;][\/vc_column_inner][vc_column_inner width=&#8221;2\/3&#8243;][vc_column_text css=&#8221;.vc_custom_1430318391154{margin-bottom: 0px !important;}&#8221;]\n<p style=\"text-align: left;\"><span style=\"color: #f28d23;\"><b>JO\u00c3O TOM\u00c9<\/b><\/span><\/p>\n[\/vc_column_text][vc_column_text css_animation=&#8221;appear&#8221; css=&#8221;.vc_custom_1730722360475{margin-top: 20px !important;}&#8221;]\n<p style=\"text-align: justify;\"><span style=\"color: #35495d;\">Ser apicultor es algo que no se elige, \u00a1se \u201csiente\u201d! Hay que amar lo que haces y tener pasi\u00f3n por las abejas y esp\u00edritu de sacrificio, ya que es un trabajo muy exigente.<\/span><br \/>\n<span style=\"color: #35495d;\">Hoy en d\u00eda ser apicultor es mucho m\u00e1s que cuidar a las abejas y \u201ccosechar\u201d sus productos. Necesitamos ser bi\u00f3logos, entom\u00f3logos, ingenieros, veterinarios, carpinteros, bot\u00e1nicos, meteor\u00f3logos, etc., etc., porque hoy en d\u00eda trabajar con abejas es un gran desaf\u00edo, dadas las crecientes dificultades para mantenerlas vivas y en producci\u00f3n.<\/span><br \/>\n<span style=\"color: #35495d;\">La apicultura es una pasi\u00f3n. Trabajar con abejas es un logro personal, sobre todo cuando sentimos que estamos haciendo un buen trabajo y somos reconocidos por ello.<\/span><\/p>\n[\/vc_column_text][\/vc_column_inner][\/vc_row_inner][\/vc_column][vc_column width=&#8221;5\/12&#8243;][vc_row_inner][vc_column_inner width=&#8221;1\/2&#8243;][vc_single_image image=&#8221;1000072&#8243; img_size=&#8221;full&#8221; alignment=&#8221;center&#8221; style=&#8221;vc_box_circle_2&#8243; css_animation=&#8221;appear&#8221; el_class=&#8221;circle-image&#8221;][\/vc_column_inner][vc_column_inner width=&#8221;1\/2&#8243;][vc_column_text css=&#8221;.vc_custom_1430318418049{margin-bottom: 0px !important;}&#8221;]\n<p style=\"text-align: left;\"><span style=\"color: #f28d23;\"><b>T\u00c2NIA PINTO<\/b><\/span><\/p>\n[\/vc_column_text][vc_column_text css_animation=&#8221;appear&#8221; css=&#8221;.vc_custom_1730722434418{margin-top: 20px !important;}&#8221;]\n<p style=\"text-align: justify;\"><span style=\"color: #35495d;\">La apicultura lleg\u00f3 a mi vida a trav\u00e9s de mi marido. Fue una sorpresa descubrir este \u201cmundo\u201d, ya que nunca imagin\u00e9 que la vida de las abejas fuera tan compleja, por lo que resulta un trabajo muy interesante y enriquecedor.<\/span><br \/>\n<span style=\"color: #35495d;\">\u00a1Es un placer poder hacer mi contribuci\u00f3n personal a este fascinante mundo de las abejas!<\/span><\/p>\n[\/vc_column_text][\/vc_column_inner][\/vc_row_inner][\/vc_column][\/vc_row]\n","protected":false},"excerpt":{"rendered":"<p>[vc_row fullwidth=&#8221;true&#8221; fullwidth_content=&#8221;false&#8221; expanded=&#8221;2&#8243; background_style=&#8221;cover&#8221; font_color=&#8221;#ffffff&#8221; css=&#8221;.vc_custom_1630258802571{margin-top: -65px !important;margin-bottom: 0px !important;padding-top: 70px !important;padding-bottom: 70px !important;background-color: #35495d !important;background-position: center !important;background-repeat: no-repeat !important;background-size: cover !important;}&#8221;][vc_column][vc_empty_space height=&#8221;22px&#8221;][vc_row_inner][vc_column_inner width=&#8221;1\/2&#8243;][vc_column_text css=&#8221;.vc_custom_1730721760886{margin-bottom: 0px !important;}&#8221;]VALE DO ROSMANINHO naci\u00f3 de forma natural cuando Jo\u00e3o Tom\u00e9, Ingeniero Agroforestal de profesi\u00f3n, sinti\u00f3 la necesidad de compartir en su blog sus experiencias como apicultor aficionado, valedorosmaninho.blogspot.com [&hellip;]<\/p>\n","protected":false},"author":1,"featured_media":0,"parent":0,"menu_order":0,"comment_status":"open","ping_status":"open","template":"","meta":{"inline_featured_image":false,"_joinchat":[],"footnotes":""},"class_list":["post-142","page","type-page","status-publish","hentry"],"_links":{"self":[{"href":"https:\/\/valedorosmaninho.com\/es\/wp-json\/wp\/v2\/pages\/142","targetHints":{"allow":["GET"]}}],"collection":[{"href":"https:\/\/valedorosmaninho.com\/es\/wp-json\/wp\/v2\/pages"}],"about":[{"href":"https:\/\/valedorosmaninho.com\/es\/wp-json\/wp\/v2\/types\/page"}],"author":[{"embeddable":true,"href":"https:\/\/valedorosmaninho.com\/es\/wp-json\/wp\/v2\/users\/1"}],"replies":[{"embeddable":true,"href":"https:\/\/valedorosmaninho.com\/es\/wp-json\/wp\/v2\/comments?post=142"}],"version-history":[{"count":173,"href":"https:\/\/valedorosmaninho.com\/es\/wp-json\/wp\/v2\/pages\/142\/revisions"}],"predecessor-version":[{"id":1011561,"href":"https:\/\/valedorosmaninho.com\/es\/wp-json\/wp\/v2\/pages\/142\/revisions\/1011561"}],"wp:attachment":[{"href":"https:\/\/valedorosmaninho.com\/es\/wp-json\/wp\/v2\/media?parent=142"}],"curies":[{"name":"wp","href":"https:\/\/api.w.org\/{rel}","templated":true}]}}